{"id":51,"date":"2024-04-27T11:06:55","date_gmt":"2024-04-27T11:06:55","guid":{"rendered":"http:\/\/www.fallabolseria.es\/?page_id=51"},"modified":"2026-04-28T19:02:15","modified_gmt":"2026-04-28T17:02:15","slug":"historia","status":"publish","type":"page","link":"https:\/\/fallabolseria.es\/","title":{"rendered":"La Falla"},"content":{"rendered":"\n<div class=\"wp-block-group is-nowrap is-layout-flex wp-container-core-group-is-layout-ad2f72ca wp-block-group-is-layout-flex\">\n<div class=\"wp-block-group is-nowrap is-layout-flex wp-container-core-group-is-layout-ad2f72ca wp-block-group-is-layout-flex\">\n<p class=\"has-large-font-size\" style=\"font-style:normal;font-weight:900\"><p style=\"font-style: normal; font-weight: 900;\">Al<strong> centre <\/strong>de la ciutat<\/p><\/p>\n\n\n\n\n\n<\/div>\n<\/div>\n\n\n\n<\/p>\n<p>La Falla Bolser\u00eda Tros-Alt, amb 165 anys d\u2019hist\u00f2ria, es troba entra les m\u00e9s antigues de la ciutat de Val\u00e8ncia, en un empla\u00e7ament \u00fanic a mig cam\u00ed de la Pla\u00e7a de l\u2019Ajuntament, la Pla\u00e7a de la Mare de D\u00e9u i les Torres de Quart i Serrans, punts representatius del barri antic.<\/p>\n<p>\n\n\n\n<\/p>\n<p>Conta la hist\u00f2ria que all\u00e0 per l\u2019any 1858, en la Pla\u00e7a del Tros-Alt, situada en ple centre del barri antic, al costat del Mercat Central i a dos passos de la Catedral, es va plantar una falla i no una foguera de trastos vells com era tradici\u00f3.<\/p>\n<p>\n\n\n\n<\/p>\n<p>Un monument que b\u00e9 es podia haver titulat \u201cDos Pollastres i una Pollera\u201d.<\/p>\n<p>\n\n\n\n<\/p>\n<p>Una senyora amb mirinyac, un jove cortejant-la, i un altre amagat sota les seues faldes. Tal va ser l\u2019esc\u00e0ndol que va crear entre el p\u00fablic espectador que, ruboritzat de la poca vergonya del monument, li va calar foc entre les 20 i les 21 de la nit.<\/p>\n<p>\n\n\n\n<\/p>\n<p>El Llibret d\u2019aquell any va ser escrit per Josep Bernat i Baldovi, qui anys arrere va ser el precursor del costum d\u2019explicar en vers el contingut d\u2019una falla.<\/p>\n<p>\n\n\n\n<\/p>\n<p style=\"font-style: normal; font-weight: 900;\">Al <strong>cor <\/strong>de la festa<\/p>\n<p>\n\n\n\n<\/p>\n<p>Tot aquell que haja passejat pel centre de la ciutat visitant les grans falles d\u2019Especial, haja assistit a una masclet\u00e0 en la Pla\u00e7a de l\u2019Ajuntament o haja visitat la Pla\u00e7a de la Mare de D\u00e9u durant l\u2019Ofrena, haur\u00e0 transitat per la demarcaci\u00f3 de la Falla Bolseria, perqu\u00e8 \u00e9s un punt de connexi\u00f3 de la festa en la setmana fallera.<\/p>\n<p>\n\n\n\n<\/p>\n<p>La pla\u00e7a \u00e9s un punt de trobada de restaurants, pubs i comer\u00e7os que donen vida de dia i de nit al barri del Carmen i on no trobar\u00e0s un carrer buit durant les Falles.<\/p>\n\n\n\n<p>&nbsp;<\/p>\n\n\n<p><img fetchpriority=\"high\" decoding=\"async\" class=\"aligncenter wp-image-3504 size-full\" src=\"https:\/\/fallabolseria.es\/wp-content\/uploads\/2026\/04\/fallas-2026.jpg\" alt=\"\" width=\"522\" height=\"272\" srcset=\"https:\/\/fallabolseria.es\/wp-content\/uploads\/2026\/04\/fallas-2026.jpg 522w, https:\/\/fallabolseria.es\/wp-content\/uploads\/2026\/04\/fallas-2026-300x156.jpg 300w\" sizes=\"(max-width: 522px) 100vw, 522px\" \/><\/p>","protected":false},"excerpt":{"rendered":"<p>Al centre de la ciutat La Falla Bolser\u00eda Tros-Alt, amb 165 anys d\u2019hist\u00f2ria, es troba entra les m\u00e9s antigues de la ciutat de Val\u00e8ncia, en un empla\u00e7ament \u00fanic a mig cam\u00ed de la Pla\u00e7a de l\u2019Ajuntament, la Pla\u00e7a de la Mare de D\u00e9u i les Torres de Quart i Serrans, punts representatius del barri antic. &hellip; <\/p>\n<p class=\"link-more\"><a href=\"https:\/\/fallabolseria.es\/\" class=\"more-link\">Continuar leyendo<span class=\"screen-reader-text\"> \u00abLa Falla\u00bb<\/span><\/a><\/p>\n","protected":false},"author":1,"featured_media":0,"parent":0,"menu_order":0,"comment_status":"closed","ping_status":"closed","template":"","meta":{"footnotes":""},"class_list":["post-51","page","type-page","status-publish","hentry"],"_links":{"self":[{"href":"https:\/\/fallabolseria.es\/index.php\/wp-json\/wp\/v2\/pages\/51","targetHints":{"allow":["GET"]}}],"collection":[{"href":"https:\/\/fallabolseria.es\/index.php\/wp-json\/wp\/v2\/pages"}],"about":[{"href":"https:\/\/fallabolseria.es\/index.php\/wp-json\/wp\/v2\/types\/page"}],"author":[{"embeddable":true,"href":"https:\/\/fallabolseria.es\/index.php\/wp-json\/wp\/v2\/users\/1"}],"replies":[{"embeddable":true,"href":"https:\/\/fallabolseria.es\/index.php\/wp-json\/wp\/v2\/comments?post=51"}],"version-history":[{"count":70,"href":"https:\/\/fallabolseria.es\/index.php\/wp-json\/wp\/v2\/pages\/51\/revisions"}],"predecessor-version":[{"id":3506,"href":"https:\/\/fallabolseria.es\/index.php\/wp-json\/wp\/v2\/pages\/51\/revisions\/3506"}],"wp:attachment":[{"href":"https:\/\/fallabolseria.es\/index.php\/wp-json\/wp\/v2\/media?parent=51"}],"curies":[{"name":"wp","href":"https:\/\/api.w.org\/{rel}","templated":true}]}}